{"id":380,"date":"2022-05-02T18:09:27","date_gmt":"2022-05-02T21:09:27","guid":{"rendered":"https:\/\/localhost\/site\/?page_id=380"},"modified":"2022-08-08T22:22:27","modified_gmt":"2022-08-09T01:22:27","slug":"conheca","status":"publish","type":"page","link":"https:\/\/dirgrad.dv.utfpr.edu.br\/site\/conheca\/","title":{"rendered":"Conhe\u00e7a"},"content":{"rendered":"\n<div class=\"wp-block-columns\">\n<div class=\"wp-block-column\" style=\"flex-basis:66.66%\">\n<p>A DIRGRAD \u00e9 o \u00f3rg\u00e3o superior do&nbsp;<em>campus<\/em>&nbsp;Dois Vizinhos respons\u00e1vel por planejar, coordenar e supervisionar a execu\u00e7\u00e3o de atividades do ensino de Gradua\u00e7\u00e3o e Educa\u00e7\u00e3o Profissional. Buscando a transpar\u00eancia com a comunidade acad\u00eamica, disponibilizamos nosso planejamento estrat\u00e9gico da Gest\u00e3o 2021-2025 e voc\u00ea pode acompanhar tudo que estamos executando&nbsp;<a rel=\"noreferrer noopener\" href=\"https:\/\/localhost\/site\/wp-content\/uploads\/2022\/06\/PEP-2021-2025-DV-04.2022-divulgacao.pdf\" target=\"_blank\">CLICANDO AQUI<\/a>.&nbsp;<\/p>\n\n\n\n<p><strong>Nossa miss\u00e3o:&nbsp;<\/strong>Promover educa\u00e7\u00e3o superior de excel\u00eancia, formando profissionais de forma \u00e9tica e inovadora para atender as demandas da sociedade local e internacional.<\/p>\n\n\n\n<p><strong>Nossa vis\u00e3o:&nbsp;<\/strong>Ser reconhecida pela excel\u00eancia de seus cursos e pelo impacto socioecon\u00f4mico e ambiental das suas atividades<\/p>\n\n\n\n<p><strong>Nossos objetivos:&nbsp;<\/strong>Estimular, planejar e aprimorar as atividades relacionadas ao ensino da Gradua\u00e7\u00e3o no Campus Dois Vizinhos.<\/p>\n<\/div>\n\n\n\n<div class=\"wp-block-column\" style=\"flex-basis:33.33%\">\n<figure class=\"wp-block-image size-full\"><img loading=\"lazy\" width=\"300\" height=\"300\" src=\"https:\/\/dirgrad.dv.utfpr.edu.br\/site\/wp-content\/uploads\/2022\/06\/42.png\" alt=\"\" class=\"wp-image-785\" srcset=\"https:\/\/dirgrad.dv.utfpr.edu.br\/site\/wp-content\/uploads\/2022\/06\/42.png 300w, https:\/\/dirgrad.dv.utfpr.edu.br\/site\/wp-content\/uploads\/2022\/06\/42-150x150.png 150w, https:\/\/dirgrad.dv.utfpr.edu.br\/site\/wp-content\/uploads\/2022\/06\/42-70x70.png 70w, https:\/\/dirgrad.dv.utfpr.edu.br\/site\/wp-content\/uploads\/2022\/06\/42-246x246.png 246w, https:\/\/dirgrad.dv.utfpr.edu.br\/site\/wp-content\/uploads\/2022\/06\/42-276x276.png 276w, https:\/\/dirgrad.dv.utfpr.edu.br\/site\/wp-content\/uploads\/2022\/06\/42-125x125.png 125w\" sizes=\"(max-width: 300px) 100vw, 300px\" \/><\/figure>\n<\/div>\n<\/div>\n\n\n\n<div class=\"wp-block-columns\">\n<div class=\"wp-block-column\" style=\"flex-basis:33.33%\">\n<figure class=\"wp-block-image size-full\"><img loading=\"lazy\" width=\"300\" height=\"300\" src=\"https:\/\/dirgrad.dv.utfpr.edu.br\/site\/wp-content\/uploads\/2022\/06\/38.png\" alt=\"\" class=\"wp-image-781\" srcset=\"https:\/\/dirgrad.dv.utfpr.edu.br\/site\/wp-content\/uploads\/2022\/06\/38.png 300w, https:\/\/dirgrad.dv.utfpr.edu.br\/site\/wp-content\/uploads\/2022\/06\/38-150x150.png 150w, https:\/\/dirgrad.dv.utfpr.edu.br\/site\/wp-content\/uploads\/2022\/06\/38-70x70.png 70w, https:\/\/dirgrad.dv.utfpr.edu.br\/site\/wp-content\/uploads\/2022\/06\/38-246x246.png 246w, https:\/\/dirgrad.dv.utfpr.edu.br\/site\/wp-content\/uploads\/2022\/06\/38-276x276.png 276w, https:\/\/dirgrad.dv.utfpr.edu.br\/site\/wp-content\/uploads\/2022\/06\/38-125x125.png 125w\" sizes=\"(max-width: 300px) 100vw, 300px\" \/><\/figure>\n<\/div>\n\n\n\n<div class=\"wp-block-column\" style=\"flex-basis:66.66%\">\n<p>Quando necessitar de apoio ou orienta\u00e7\u00e3o para procedimentos atrelados \u00e0s atividades acad\u00eamicas, normas e procedimentos que competem a algum setor desta Diretoria, n\u00e3o hesite em&nbsp;<a rel=\"noreferrer noopener\" href=\"http:\/\/equipe\/\" target=\"_blank\">entrar em contato<\/a>&nbsp;com a nossa equipe.&nbsp;<\/p>\n\n\n\n<p>Semanalmente, estamos atualizando informa\u00e7\u00f5es para nosso p\u00fablico-alvo atrav\u00e9s dos \u201cInformes da DIRGRAD-DV\u201d. Se lhe interessar, n\u00e3o deixe de acompanhar as novidades que est\u00e3o disponibilizadas no menu&nbsp;<a href=\"http:\/\/informes\/\" target=\"_blank\" rel=\"noreferrer noopener\">INFORMES<\/a>.&nbsp;<\/p>\n\n\n\n<p>A DIRGRAD-DV \u00e9 composta por uma grande equipe disposta a tornar sua experi\u00eancia acad\u00eamica mais produtiva e feliz. Venha conhecer cada setor \u201c<a href=\"https:\/\/localhost\/site\/equipe\/\" target=\"_blank\" rel=\"noreferrer noopener\">clicando aqui<\/a>\u201c.&nbsp;<\/p>\n\n\n\n<p>Para nos encontrar presencialmente no campus Dois Vizinhos (<a href=\"https:\/\/www.google.com\/maps?ll=-25.70465,-53.097618&amp;z=16&amp;t=m&amp;hl=pt-BR&amp;gl=BR&amp;mapclient=embed&amp;cid=4135966266007819018\" target=\"_blank\" rel=\"noreferrer noopener\">MAPA DO CAMPUS<\/a>), basta se dirigir ao Bloco K1, junto a Dire\u00e7\u00e3o Geral e a recep\u00e7\u00e3o do campus.&nbsp;<\/p>\n\n\n\n<p>Estaremos \u00e0 disposi\u00e7\u00e3o para lhe auxiliar sempre que necess\u00e1rio! #somostodosDIRGRAD-DV<\/p>\n<\/div>\n<\/div>\n","protected":false},"excerpt":{"rendered":"<p>A DIRGRAD \u00e9 o \u00f3rg\u00e3o superior do&nbsp;campus&nbsp;Dois Vizinhos respons\u00e1vel por planejar, coordenar e supervisionar a execu\u00e7\u00e3o de atividades do ensino &hellip; <\/p>\n","protected":false},"author":3,"featured_media":760,"parent":0,"menu_order":0,"comment_status":"closed","ping_status":"closed","template":"template-home.php","meta":[],"_links":{"self":[{"href":"https:\/\/dirgrad.dv.utfpr.edu.br\/site\/wp-json\/wp\/v2\/pages\/380"}],"collection":[{"href":"https:\/\/dirgrad.dv.utfpr.edu.br\/site\/wp-json\/wp\/v2\/pages"}],"about":[{"href":"https:\/\/dirgrad.dv.utfpr.edu.br\/site\/wp-json\/wp\/v2\/types\/page"}],"author":[{"embeddable":true,"href":"https:\/\/dirgrad.dv.utfpr.edu.br\/site\/wp-json\/wp\/v2\/users\/3"}],"replies":[{"embeddable":true,"href":"https:\/\/dirgrad.dv.utfpr.edu.br\/site\/wp-json\/wp\/v2\/comments?post=380"}],"version-history":[{"count":3,"href":"https:\/\/dirgrad.dv.utfpr.edu.br\/site\/wp-json\/wp\/v2\/pages\/380\/revisions"}],"predecessor-version":[{"id":924,"href":"https:\/\/dirgrad.dv.utfpr.edu.br\/site\/wp-json\/wp\/v2\/pages\/380\/revisions\/924"}],"wp:featuredmedia":[{"embeddable":true,"href":"https:\/\/dirgrad.dv.utfpr.edu.br\/site\/wp-json\/wp\/v2\/media\/760"}],"wp:attachment":[{"href":"https:\/\/dirgrad.dv.utfpr.edu.br\/site\/wp-json\/wp\/v2\/media?parent=380"}],"curies":[{"name":"wp","href":"https:\/\/api.w.org\/{rel}","templated":true}]}}