{"id":28,"date":"2021-11-27T12:28:08","date_gmt":"2021-11-27T15:28:08","guid":{"rendered":"https:\/\/coens.dv.utfpr.edu.br\/dirppg\/?page_id=28"},"modified":"2025-07-23T11:09:53","modified_gmt":"2025-07-23T14:09:53","slug":"equipe","status":"publish","type":"page","link":"https:\/\/dirgrad.dv.utfpr.edu.br\/site\/equipe\/","title":{"rendered":"Equipe da DIRGRAD-DV"},"content":{"rendered":"\n<div class=\"wp-block-columns\">\n<div class=\"wp-block-column\" style=\"flex-basis:33.33%\">\n<figure class=\"wp-block-image size-full is-style-default\"><img loading=\"lazy\" width=\"640\" height=\"640\" src=\"https:\/\/dirgrad.dv.utfpr.edu.br\/site\/wp-content\/uploads\/2025\/07\/rodolfo.jpeg\" alt=\"\" class=\"wp-image-2421\" srcset=\"https:\/\/dirgrad.dv.utfpr.edu.br\/site\/wp-content\/uploads\/2025\/07\/rodolfo.jpeg 640w, https:\/\/dirgrad.dv.utfpr.edu.br\/site\/wp-content\/uploads\/2025\/07\/rodolfo-300x300.jpeg 300w, https:\/\/dirgrad.dv.utfpr.edu.br\/site\/wp-content\/uploads\/2025\/07\/rodolfo-150x150.jpeg 150w, https:\/\/dirgrad.dv.utfpr.edu.br\/site\/wp-content\/uploads\/2025\/07\/rodolfo-70x70.jpeg 70w, https:\/\/dirgrad.dv.utfpr.edu.br\/site\/wp-content\/uploads\/2025\/07\/rodolfo-246x246.jpeg 246w, https:\/\/dirgrad.dv.utfpr.edu.br\/site\/wp-content\/uploads\/2025\/07\/rodolfo-276x276.jpeg 276w, https:\/\/dirgrad.dv.utfpr.edu.br\/site\/wp-content\/uploads\/2025\/07\/rodolfo-125x125.jpeg 125w\" sizes=\"(max-width: 640px) 100vw, 640px\" \/><\/figure>\n<\/div>\n\n\n\n<div class=\"wp-block-column\" style=\"flex-basis:66.66%\">\n<h2>Diretor<\/h2>\n\n\n\n<p class=\"has-medium-font-size\">Rodolfo Adamshuk Silva<\/p>\n\n\n\n<p class=\"has-medium-font-size\"><strong>E-mail:<\/strong> <a rel=\"noreferrer noopener\" href=\"mailto:dirppg-dv@utfpr.edu.br\" target=\"_blank\">dirgrad-dv@utfpr.edu.br<\/a><\/p>\n\n\n\n<p class=\"has-medium-font-size\"><strong>Telefones:<\/strong> (46) 3536-8908<\/p>\n<\/div>\n<\/div>\n\n\n\n<h2>Equipe da Diretoria de Gradua\u00e7\u00e3o e Educa\u00e7\u00e3o Profissional<\/h2>\n\n\n\n<div class=\"wp-block-columns\">\n<div class=\"wp-block-column\">\n<div class=\"wp-block-columns\">\n<div class=\"wp-block-column\" style=\"flex-basis:33.33%\">\n<figure class=\"wp-block-image size-large is-style-default\"><img loading=\"lazy\" width=\"1024\" height=\"1024\" src=\"https:\/\/dirgrad.dv.utfpr.edu.br\/site\/wp-content\/uploads\/2025\/07\/1-1024x1024.png\" alt=\"\" class=\"wp-image-2424\" srcset=\"https:\/\/dirgrad.dv.utfpr.edu.br\/site\/wp-content\/uploads\/2025\/07\/1-1024x1024.png 1024w, https:\/\/dirgrad.dv.utfpr.edu.br\/site\/wp-content\/uploads\/2025\/07\/1-300x300.png 300w, https:\/\/dirgrad.dv.utfpr.edu.br\/site\/wp-content\/uploads\/2025\/07\/1-150x150.png 150w, https:\/\/dirgrad.dv.utfpr.edu.br\/site\/wp-content\/uploads\/2025\/07\/1-768x768.png 768w, https:\/\/dirgrad.dv.utfpr.edu.br\/site\/wp-content\/uploads\/2025\/07\/1-1536x1536.png 1536w, https:\/\/dirgrad.dv.utfpr.edu.br\/site\/wp-content\/uploads\/2025\/07\/1-2048x2048.png 2048w, https:\/\/dirgrad.dv.utfpr.edu.br\/site\/wp-content\/uploads\/2025\/07\/1-70x70.png 70w, https:\/\/dirgrad.dv.utfpr.edu.br\/site\/wp-content\/uploads\/2025\/07\/1-246x246.png 246w, https:\/\/dirgrad.dv.utfpr.edu.br\/site\/wp-content\/uploads\/2025\/07\/1-276x276.png 276w, https:\/\/dirgrad.dv.utfpr.edu.br\/site\/wp-content\/uploads\/2025\/07\/1-125x125.png 125w\" sizes=\"(max-width: 1024px) 100vw, 1024px\" \/><\/figure>\n<\/div>\n\n\n\n<div class=\"wp-block-column\" style=\"flex-basis:66.66%\">\n<p><strong>ASGRAD-DV<\/strong><\/p>\n\n\n\n<p><strong>Assessoria da DIRGRAD<\/strong><br>Caroline Dall&#8217;Agnol<br><strong>E-mail:<\/strong> <a rel=\"noreferrer noopener\" href=\"mailto:adirppg-dv@utfpr.edu.br\" target=\"_blank\">asgrad-dv@utfpr.edu.br<\/a><br><strong>Telefone:<\/strong> (46) 3536-8434<\/p>\n\n\n\n<p><\/p>\n<\/div>\n<\/div>\n<\/div>\n\n\n\n<div class=\"wp-block-column\">\n<div class=\"wp-block-columns\">\n<div class=\"wp-block-column\" style=\"flex-basis:33.33%\">\n<figure class=\"wp-block-image size-large\"><img loading=\"lazy\" width=\"1024\" height=\"1024\" src=\"https:\/\/dirgrad.dv.utfpr.edu.br\/site\/wp-content\/uploads\/2025\/07\/madalena-1024x1024.jpeg\" alt=\"\" class=\"wp-image-2423\" srcset=\"https:\/\/dirgrad.dv.utfpr.edu.br\/site\/wp-content\/uploads\/2025\/07\/madalena-1024x1024.jpeg 1024w, https:\/\/dirgrad.dv.utfpr.edu.br\/site\/wp-content\/uploads\/2025\/07\/madalena-300x300.jpeg 300w, https:\/\/dirgrad.dv.utfpr.edu.br\/site\/wp-content\/uploads\/2025\/07\/madalena-150x150.jpeg 150w, https:\/\/dirgrad.dv.utfpr.edu.br\/site\/wp-content\/uploads\/2025\/07\/madalena-768x768.jpeg 768w, https:\/\/dirgrad.dv.utfpr.edu.br\/site\/wp-content\/uploads\/2025\/07\/madalena-70x70.jpeg 70w, https:\/\/dirgrad.dv.utfpr.edu.br\/site\/wp-content\/uploads\/2025\/07\/madalena-246x246.jpeg 246w, https:\/\/dirgrad.dv.utfpr.edu.br\/site\/wp-content\/uploads\/2025\/07\/madalena-276x276.jpeg 276w, https:\/\/dirgrad.dv.utfpr.edu.br\/site\/wp-content\/uploads\/2025\/07\/madalena-125x125.jpeg 125w, https:\/\/dirgrad.dv.utfpr.edu.br\/site\/wp-content\/uploads\/2025\/07\/madalena.jpeg 1200w\" sizes=\"(max-width: 1024px) 100vw, 1024px\" \/><\/figure>\n<\/div>\n\n\n\n<div class=\"wp-block-column\" style=\"flex-basis:66.66%\">\n<p> <strong>SELIB<\/strong> <strong>-DV<\/strong> <\/p>\n\n\n\n<p><strong><strong>Secretaria de Licenciaturas e Bacharelados<\/strong> <\/strong><br>Maria Madalena Santos da Silva<br><strong>E-mail:<\/strong> <a rel=\"noreferrer noopener\" href=\"mailto:adirppg-dv@utfpr.edu.br\" target=\"_blank\"><a rel=\"noreferrer noopener\" href=\"mailto:adirppg-dv@utfpr.edu.br\" target=\"_blank\">selib-dv@utfpr.edu.br<\/a> <\/a><br><strong>Telefone:<\/strong> (46) 3536-8440 <\/p>\n<\/div>\n<\/div>\n<\/div>\n<\/div>\n\n\n\n<div class=\"wp-block-columns\">\n<div class=\"wp-block-column\">\n<div class=\"wp-block-columns\">\n<div class=\"wp-block-column\" style=\"flex-basis:33.33%\">\n<figure class=\"wp-block-image size-large\"><img loading=\"lazy\" width=\"1024\" height=\"1024\" src=\"https:\/\/dirgrad.dv.utfpr.edu.br\/site\/wp-content\/uploads\/2025\/07\/2-1024x1024.png\" alt=\"\" class=\"wp-image-2425\" srcset=\"https:\/\/dirgrad.dv.utfpr.edu.br\/site\/wp-content\/uploads\/2025\/07\/2-1024x1024.png 1024w, https:\/\/dirgrad.dv.utfpr.edu.br\/site\/wp-content\/uploads\/2025\/07\/2-300x300.png 300w, https:\/\/dirgrad.dv.utfpr.edu.br\/site\/wp-content\/uploads\/2025\/07\/2-150x150.png 150w, https:\/\/dirgrad.dv.utfpr.edu.br\/site\/wp-content\/uploads\/2025\/07\/2-768x768.png 768w, https:\/\/dirgrad.dv.utfpr.edu.br\/site\/wp-content\/uploads\/2025\/07\/2-1536x1536.png 1536w, https:\/\/dirgrad.dv.utfpr.edu.br\/site\/wp-content\/uploads\/2025\/07\/2-2048x2048.png 2048w, https:\/\/dirgrad.dv.utfpr.edu.br\/site\/wp-content\/uploads\/2025\/07\/2-70x70.png 70w, https:\/\/dirgrad.dv.utfpr.edu.br\/site\/wp-content\/uploads\/2025\/07\/2-246x246.png 246w, https:\/\/dirgrad.dv.utfpr.edu.br\/site\/wp-content\/uploads\/2025\/07\/2-276x276.png 276w, https:\/\/dirgrad.dv.utfpr.edu.br\/site\/wp-content\/uploads\/2025\/07\/2-125x125.png 125w\" sizes=\"(max-width: 1024px) 100vw, 1024px\" \/><\/figure>\n<\/div>\n\n\n\n<div class=\"wp-block-column\" style=\"flex-basis:66.66%\">\n<p><strong>SEGEA<\/strong> <strong>-DV<\/strong> <\/p>\n\n\n\n<p><strong><strong>Secretaria de Gest\u00e3o Acad\u00eamica<\/strong><br><\/strong>Jean Carlo Nogueira Baron<br><strong>E-mail:<\/strong> <a href=\"mailto:segea-dv@utfpr.edu.br\">segea-dv@utfpr.edu.br<\/a><br><strong>Telefone:<\/strong> (46) 3536-8910 <\/p>\n<\/div>\n<\/div>\n<\/div>\n\n\n\n<div class=\"wp-block-column\">\n<div class=\"wp-block-columns\">\n<div class=\"wp-block-column\" style=\"flex-basis:33.33%\">\n<figure class=\"wp-block-gallery columns-1 is-cropped\"><ul class=\"blocks-gallery-grid\"><li class=\"blocks-gallery-item\"><figure><img loading=\"lazy\" width=\"276\" height=\"276\" src=\"https:\/\/dirgrad.dv.utfpr.edu.br\/site\/wp-content\/uploads\/2022\/08\/laercio-edited.jpg\" alt=\"\" data-id=\"934\" data-full-url=\"https:\/\/dirgrad.dv.utfpr.edu.br\/site\/wp-content\/uploads\/2022\/08\/laercio-edited.jpg\" data-link=\"https:\/\/dirgrad.dv.utfpr.edu.br\/site\/laercio-2\/\" class=\"wp-image-934\" srcset=\"https:\/\/dirgrad.dv.utfpr.edu.br\/site\/wp-content\/uploads\/2022\/08\/laercio-edited.jpg 276w, https:\/\/dirgrad.dv.utfpr.edu.br\/site\/wp-content\/uploads\/2022\/08\/laercio-edited-150x150.jpg 150w, https:\/\/dirgrad.dv.utfpr.edu.br\/site\/wp-content\/uploads\/2022\/08\/laercio-edited-70x70.jpg 70w, https:\/\/dirgrad.dv.utfpr.edu.br\/site\/wp-content\/uploads\/2022\/08\/laercio-edited-246x246.jpg 246w, https:\/\/dirgrad.dv.utfpr.edu.br\/site\/wp-content\/uploads\/2022\/08\/laercio-edited-125x125.jpg 125w\" sizes=\"(max-width: 276px) 100vw, 276px\" \/><\/figure><\/li><\/ul><\/figure>\n<\/div>\n\n\n\n<div class=\"wp-block-column\" style=\"flex-basis:66.66%\">\n<p><strong>COEXP-DV<\/strong><\/p>\n\n\n\n<p><strong>Coordena\u00e7\u00e3o da Esta\u00e7\u00e3o Experimental<\/strong><\/p>\n\n\n\n<p>La\u00e9rcio Ricardo Sartor<br><strong>E-mail:<\/strong>\u00a0<a rel=\"noreferrer noopener\" href=\"mailto:jozanaklein@utfpr.edu.br\" target=\"_blank\">coexp-dv@utfpr.edu.br<\/a><br><strong>Telefone:<\/strong>\u00a0(46) 3536-8946<\/p>\n<\/div>\n<\/div>\n<\/div>\n<\/div>\n\n\n\n<div class=\"wp-block-columns\">\n<div class=\"wp-block-column\"><\/div>\n\n\n\n<div class=\"wp-block-column\"><\/div>\n<\/div>\n\n\n\n<div class=\"wp-block-columns\">\n<div class=\"wp-block-column\">\n<div class=\"wp-block-columns\">\n<div class=\"wp-block-column\"><\/div>\n<\/div>\n<\/div>\n\n\n\n<div class=\"wp-block-column\">\n<div class=\"wp-block-columns\">\n<div class=\"wp-block-column\"><\/div>\n<\/div>\n<\/div>\n<\/div>\n\n\n\n<div class=\"wp-block-columns\">\n<div class=\"wp-block-column\">\n<div class=\"wp-block-columns\">\n<div class=\"wp-block-column\" style=\"flex-basis:33.33%\">\n<figure class=\"wp-block-image size-full is-style-default\"><img loading=\"lazy\" width=\"368\" height=\"367\" src=\"https:\/\/localhost\/site\/wp-content\/uploads\/2022\/06\/Andreia-edited.jpg\" alt=\"\" class=\"wp-image-721\" srcset=\"https:\/\/dirgrad.dv.utfpr.edu.br\/site\/wp-content\/uploads\/2022\/06\/Andreia-edited.jpg 368w, https:\/\/dirgrad.dv.utfpr.edu.br\/site\/wp-content\/uploads\/2022\/06\/Andreia-edited-300x300.jpg 300w, https:\/\/dirgrad.dv.utfpr.edu.br\/site\/wp-content\/uploads\/2022\/06\/Andreia-edited-150x150.jpg 150w, https:\/\/dirgrad.dv.utfpr.edu.br\/site\/wp-content\/uploads\/2022\/06\/Andreia-edited-70x70.jpg 70w, https:\/\/dirgrad.dv.utfpr.edu.br\/site\/wp-content\/uploads\/2022\/06\/Andreia-edited-246x246.jpg 246w, https:\/\/dirgrad.dv.utfpr.edu.br\/site\/wp-content\/uploads\/2022\/06\/Andreia-edited-276x276.jpg 276w, https:\/\/dirgrad.dv.utfpr.edu.br\/site\/wp-content\/uploads\/2022\/06\/Andreia-edited-125x125.jpg 125w\" sizes=\"(max-width: 368px) 100vw, 368px\" \/><\/figure>\n<\/div>\n\n\n\n<div class=\"wp-block-column\" style=\"flex-basis:66.66%\">\n<p><strong>DEPED-DV<\/strong> <\/p>\n\n\n\n<p><strong>Departamento de Educa\u00e7\u00e3o<\/strong><\/p>\n\n\n\n<p>Andr\u00e9ia Anschau<br><strong>E-mail:<\/strong> <a rel=\"noreferrer noopener\" href=\"mailto:jozanaklein@utfpr.edu.br\" target=\"_blank\">deped-dv@utfpr.edu.br<\/a><br><strong>Telefone:<\/strong> (46) 3536-8401<\/p>\n<\/div>\n<\/div>\n<\/div>\n\n\n\n<div class=\"wp-block-column\">\n<div class=\"wp-block-columns\">\n<div class=\"wp-block-column\" style=\"flex-basis:33.33%\">\n<figure class=\"wp-block-image size-full is-style-default\"><img loading=\"lazy\" width=\"804\" height=\"803\" src=\"https:\/\/dirgrad.dv.utfpr.edu.br\/site\/wp-content\/uploads\/2023\/02\/eu-1-edited.png\" alt=\"\" class=\"wp-image-1365\" srcset=\"https:\/\/dirgrad.dv.utfpr.edu.br\/site\/wp-content\/uploads\/2023\/02\/eu-1-edited.png 804w, https:\/\/dirgrad.dv.utfpr.edu.br\/site\/wp-content\/uploads\/2023\/02\/eu-1-edited-300x300.png 300w, https:\/\/dirgrad.dv.utfpr.edu.br\/site\/wp-content\/uploads\/2023\/02\/eu-1-edited-150x150.png 150w, https:\/\/dirgrad.dv.utfpr.edu.br\/site\/wp-content\/uploads\/2023\/02\/eu-1-edited-768x767.png 768w, https:\/\/dirgrad.dv.utfpr.edu.br\/site\/wp-content\/uploads\/2023\/02\/eu-1-edited-70x70.png 70w, https:\/\/dirgrad.dv.utfpr.edu.br\/site\/wp-content\/uploads\/2023\/02\/eu-1-edited-246x246.png 246w, https:\/\/dirgrad.dv.utfpr.edu.br\/site\/wp-content\/uploads\/2023\/02\/eu-1-edited-276x276.png 276w, https:\/\/dirgrad.dv.utfpr.edu.br\/site\/wp-content\/uploads\/2023\/02\/eu-1-edited-125x125.png 125w\" sizes=\"(max-width: 804px) 100vw, 804px\" \/><\/figure>\n<\/div>\n\n\n\n<div class=\"wp-block-column\" style=\"flex-basis:66.66%\">\n<p><strong>COTED-DV<\/strong> <br><strong>Coordena\u00e7\u00e3o de Tecnologia na Educa\u00e7\u00e3o<\/strong><\/p>\n\n\n\n<p>Edgar de Souza Vismara<br><strong>E-mail:<\/strong> <a rel=\"noreferrer noopener\" href=\"mailto:carine@utfpr.edu.br\" target=\"_blank\">coted-dv@utfpr.edu.br<\/a><br><strong>Telefone:<\/strong> (46) 3536-8909<\/p>\n<\/div>\n<\/div>\n<\/div>\n<\/div>\n\n\n\n<div class=\"wp-block-columns\">\n<div class=\"wp-block-column\"><\/div>\n\n\n\n<div class=\"wp-block-column\"><\/div>\n<\/div>\n\n\n\n<h3>Contatos<\/h3>\n\n\n\n<p><strong>Telefone:<\/strong> (46) 3536-8900<\/p>\n\n\n\n<p><strong>Fax:<\/strong> (46) 3536-8900<\/p>\n\n\n\n<p><strong>E-mail:<\/strong> <a rel=\"noreferrer noopener\" href=\"mailto:dirppg-dv@utfpr.edu.br\" target=\"_blank\">dirgrad-dv@utfpr.edu.br<\/a><\/p>\n\n\n\n<div class=\"wp-block-columns\">\n<div class=\"wp-block-column\">\n<div class=\"wp-block-columns\">\n<div class=\"wp-block-column\">\n<div class=\"wp-block-columns\">\n<div class=\"wp-block-column\">\n<figure class=\"wp-block-image size-large is-resized\"><a href=\"https:\/\/www.instagram.com\/graduacao.utfprdv\" target=\"_blank\" rel=\"noopener\"><img loading=\"lazy\" src=\"https:\/\/dirgrad.dv.utfpr.edu.br\/site\/wp-content\/uploads\/2022\/08\/19-1024x1024.png\" alt=\"\" class=\"wp-image-1068\" width=\"80\" height=\"80\"\/><\/a><\/figure>\n<\/div>\n\n\n\n<div class=\"wp-block-column\">\n<figure class=\"wp-block-image size-large is-resized\"><a href=\"http:\/\/www.facebook.com\/graduacao.utfprdv\" target=\"_blank\" rel=\"noopener\"><img loading=\"lazy\" src=\"https:\/\/dirgrad.dv.utfpr.edu.br\/site\/wp-content\/uploads\/2022\/08\/20-1024x1024.png\" alt=\"\" class=\"wp-image-1067\" width=\"79\" height=\"79\" srcset=\"https:\/\/dirgrad.dv.utfpr.edu.br\/site\/wp-content\/uploads\/2022\/08\/20-1024x1024.png 1024w, https:\/\/dirgrad.dv.utfpr.edu.br\/site\/wp-content\/uploads\/2022\/08\/20-300x300.png 300w, https:\/\/dirgrad.dv.utfpr.edu.br\/site\/wp-content\/uploads\/2022\/08\/20-150x150.png 150w, https:\/\/dirgrad.dv.utfpr.edu.br\/site\/wp-content\/uploads\/2022\/08\/20-768x768.png 768w, https:\/\/dirgrad.dv.utfpr.edu.br\/site\/wp-content\/uploads\/2022\/08\/20-70x70.png 70w, https:\/\/dirgrad.dv.utfpr.edu.br\/site\/wp-content\/uploads\/2022\/08\/20-246x246.png 246w, https:\/\/dirgrad.dv.utfpr.edu.br\/site\/wp-content\/uploads\/2022\/08\/20-276x276.png 276w, https:\/\/dirgrad.dv.utfpr.edu.br\/site\/wp-content\/uploads\/2022\/08\/20-125x125.png 125w, https:\/\/dirgrad.dv.utfpr.edu.br\/site\/wp-content\/uploads\/2022\/08\/20.png 1080w\" sizes=\"(max-width: 79px) 100vw, 79px\" \/><\/a><\/figure>\n<\/div>\n\n\n\n<div class=\"wp-block-column\"><\/div>\n\n\n\n<div class=\"wp-block-column\"><\/div>\n\n\n\n<div class=\"wp-block-column\"><\/div>\n<\/div>\n<\/div>\n<\/div>\n<\/div>\n\n\n\n<div class=\"wp-block-column\"><\/div>\n<\/div>\n","protected":false},"excerpt":{"rendered":"<p>Diretor Rodolfo Adamshuk Silva E-mail: dirgrad-dv@utfpr.edu.br Telefones: (46) 3536-8908 Equipe da Diretoria de Gradua\u00e7\u00e3o e Educa\u00e7\u00e3o Profissional ASGRAD-DV Assessoria da &hellip; <\/p>\n","protected":false},"author":3,"featured_media":0,"parent":0,"menu_order":0,"comment_status":"closed","ping_status":"closed","template":"","meta":[],"_links":{"self":[{"href":"https:\/\/dirgrad.dv.utfpr.edu.br\/site\/wp-json\/wp\/v2\/pages\/28"}],"collection":[{"href":"https:\/\/dirgrad.dv.utfpr.edu.br\/site\/wp-json\/wp\/v2\/pages"}],"about":[{"href":"https:\/\/dirgrad.dv.utfpr.edu.br\/site\/wp-json\/wp\/v2\/types\/page"}],"author":[{"embeddable":true,"href":"https:\/\/dirgrad.dv.utfpr.edu.br\/site\/wp-json\/wp\/v2\/users\/3"}],"replies":[{"embeddable":true,"href":"https:\/\/dirgrad.dv.utfpr.edu.br\/site\/wp-json\/wp\/v2\/comments?post=28"}],"version-history":[{"count":35,"href":"https:\/\/dirgrad.dv.utfpr.edu.br\/site\/wp-json\/wp\/v2\/pages\/28\/revisions"}],"predecessor-version":[{"id":2428,"href":"https:\/\/dirgrad.dv.utfpr.edu.br\/site\/wp-json\/wp\/v2\/pages\/28\/revisions\/2428"}],"wp:attachment":[{"href":"https:\/\/dirgrad.dv.utfpr.edu.br\/site\/wp-json\/wp\/v2\/media?parent=28"}],"curies":[{"name":"wp","href":"https:\/\/api.w.org\/{rel}","templated":true}]}}