{"id":1271,"date":"2022-11-09T14:17:26","date_gmt":"2022-11-09T17:17:26","guid":{"rendered":"https:\/\/dirgrad.dv.utfpr.edu.br\/site\/?page_id=1271"},"modified":"2024-12-10T13:20:40","modified_gmt":"2024-12-10T16:20:40","slug":"coleta-de-residuos-de-laboratorio","status":"publish","type":"page","link":"https:\/\/dirgrad.dv.utfpr.edu.br\/site\/coleta-de-residuos-de-laboratorio\/","title":{"rendered":"Coleta e descarte de res\u00edduos de Laborat\u00f3rio"},"content":{"rendered":"\n<p>Toda primeira quinta-feira de cada m\u00eas, entre as 14h e 15h, um t\u00e9cnico da SELIB estar\u00e1 presente no&nbsp;dep\u00f3sito de res\u00edduos de laborat\u00f3rio (que fica entre o RU e o bloco D1) para receber o material.<\/p>\n\n\n\n<p>Cada respons\u00e1vel pelo ambiente gerador encaminha o res\u00edduo ao local, sem que haja necessidade de agendamento.<\/p>\n\n\n\n<p><\/p>\n\n\n\n<h2>Como entregar os res\u00edduos?<\/h2>\n\n\n\n<p>Orienta\u00e7\u00f5es acerca do procedimento padr\u00e3o para acondicionamento e descarte adequado e seguro dos res\u00edduos gerados nos laborat\u00f3rios do <em>campus<\/em> podem ser encontradas no manual a seguir:<\/p>\n\n\n\n<div class=\"wp-block-file\"><object class=\"wp-block-file__embed\" data=\"https:\/\/dirgrad.dv.utfpr.edu.br\/site\/wp-content\/uploads\/2024\/12\/descarte-residuos-20241210.pdf\" type=\"application\/pdf\" style=\"width:100%;height:600px\" aria-label=\"Incorporado de descarte-residuos-20241210.\"><\/object><a href=\"https:\/\/dirgrad.dv.utfpr.edu.br\/site\/wp-content\/uploads\/2024\/12\/descarte-residuos-20241210.pdf\">descarte-residuos-20241210<\/a><a href=\"https:\/\/dirgrad.dv.utfpr.edu.br\/site\/wp-content\/uploads\/2024\/12\/descarte-residuos-20241210.pdf\" class=\"wp-block-file__button\" download>Baixar<\/a><\/div>\n\n\n\n<p>Se surgirem d\u00favidas, entre em contato com Jean Coura, engenheiro qu\u00edmico do&nbsp;<em>campus<\/em>&nbsp;(<a rel=\"noreferrer noopener\" href=\"mailto:jeancoura@utfpr.edu.br\" target=\"_blank\">jeancoura@utfpr.edu.br<\/a>).<\/p>\n","protected":false},"excerpt":{"rendered":"<p>Toda primeira quinta-feira de cada m\u00eas, entre as 14h e 15h, um t\u00e9cnico da SELIB estar\u00e1 presente no&nbsp;dep\u00f3sito de res\u00edduos &hellip; <\/p>\n","protected":false},"author":3,"featured_media":0,"parent":0,"menu_order":0,"comment_status":"closed","ping_status":"closed","template":"","meta":[],"_links":{"self":[{"href":"https:\/\/dirgrad.dv.utfpr.edu.br\/site\/wp-json\/wp\/v2\/pages\/1271"}],"collection":[{"href":"https:\/\/dirgrad.dv.utfpr.edu.br\/site\/wp-json\/wp\/v2\/pages"}],"about":[{"href":"https:\/\/dirgrad.dv.utfpr.edu.br\/site\/wp-json\/wp\/v2\/types\/page"}],"author":[{"embeddable":true,"href":"https:\/\/dirgrad.dv.utfpr.edu.br\/site\/wp-json\/wp\/v2\/users\/3"}],"replies":[{"embeddable":true,"href":"https:\/\/dirgrad.dv.utfpr.edu.br\/site\/wp-json\/wp\/v2\/comments?post=1271"}],"version-history":[{"count":9,"href":"https:\/\/dirgrad.dv.utfpr.edu.br\/site\/wp-json\/wp\/v2\/pages\/1271\/revisions"}],"predecessor-version":[{"id":2205,"href":"https:\/\/dirgrad.dv.utfpr.edu.br\/site\/wp-json\/wp\/v2\/pages\/1271\/revisions\/2205"}],"wp:attachment":[{"href":"https:\/\/dirgrad.dv.utfpr.edu.br\/site\/wp-json\/wp\/v2\/media?parent=1271"}],"curies":[{"name":"wp","href":"https:\/\/api.w.org\/{rel}","templated":true}]}}